{"id":13616,"date":"2025-10-07T11:33:28","date_gmt":"2025-10-07T17:33:28","guid":{"rendered":"https:\/\/www.cedipartnerships.ca\/past_partners\/creation-dun-nouveau-profil-de-partenariat-modele\/"},"modified":"2026-04-14T09:43:18","modified_gmt":"2026-04-14T15:43:18","slug":"creation-dun-nouveau-profil-de-partenariat-modele","status":"publish","type":"past_partners","link":"https:\/\/www.cedipartnerships.ca\/fr\/past_partners\/creation-dun-nouveau-profil-de-partenariat-modele\/","title":{"rendered":"Cr\u00e9ation d&rsquo;un nouveau profil de partenariat &#8211; Mod\u00e8le"},"content":{"rendered":"\t\t<div data-elementor-type=\"wp-post\" data-elementor-id=\"13616\" class=\"elementor elementor-13616 elementor-13188\" data-elementor-post-type=\"past_partners\">\n\t\t\t\t<div class=\"elementor-element elementor-element-2aa40985 section-padding e-flex e-con-boxed e-con e-parent\" data-id=\"2aa40985\" data-element_type=\"container\" data-e-type=\"container\">\n\t\t\t\t\t<div class=\"e-con-inner\">\n\t\t\t\t<div class=\"elementor-element elementor-element-2bd88ec1 section-padding elementor-widget elementor-widget-text-editor\" data-id=\"2bd88ec1\" data-element_type=\"widget\" data-e-type=\"widget\" data-widget_type=\"text-editor.default\">\n\t\t\t\t<div class=\"elementor-widget-container\">\n\t\t\t\t\t\t\t\t\t<h3>Contexte du partenariat<\/h3><p>La Premi\u00e8re Nation mal\u00e9cite de Madawaska et la Ville d&rsquo;Edmundston ont trouv\u00e9 un terrain d&rsquo;entente dans leur volont\u00e9 de pr\u00e9server leurs patrimoines culturels distincts &#8211; tant acadien que mal\u00e9cite. Leur emplacement unique le long de la route Transcanadienne offre un avantage naturel au d\u00e9veloppement collaboratif \u00e0 la \u00ab porte d&rsquo;entr\u00e9e du Canada atlantique \u00bb. <\/p><p>Ces deux collectivit\u00e9s ont particip\u00e9 \u00e0 la phase I de l&rsquo;IDEC\u00c9 de 2013 \u00e0 2016.<\/p>\t\t\t\t\t\t\t\t<\/div>\n\t\t\t\t<\/div>\n\t\t\t\t<div class=\"elementor-element elementor-element-18e3cb1a elementor-widget elementor-widget-text-editor\" data-id=\"18e3cb1a\" data-element_type=\"widget\" data-e-type=\"widget\" data-widget_type=\"text-editor.default\">\n\t\t\t\t<div class=\"elementor-widget-container\">\n\t\t\t\t\t\t\t\t\t<h3>Jalons cl\u00e9s et initiatives collaboratives de d\u00e9veloppement \u00e9conomique communautaire<\/h3>\t\t\t\t\t\t\t\t<\/div>\n\t\t\t\t<\/div>\n\t\t\t\t\t<\/div>\n\t\t\t\t<\/div>\n\t\t<div class=\"elementor-element elementor-element-548e1684 e-flex e-con-boxed e-con e-parent\" data-id=\"548e1684\" data-element_type=\"container\" data-e-type=\"container\">\n\t\t\t\t\t<div class=\"e-con-inner\">\n\t\t\t\t<div class=\"elementor-element elementor-element-48acafee e-n-tabs-mobile elementor-widget elementor-widget-n-tabs\" data-id=\"48acafee\" data-element_type=\"widget\" data-e-type=\"widget\" data-settings=\"{&quot;horizontal_scroll&quot;:&quot;disable&quot;}\" data-widget_type=\"nested-tabs.default\">\n\t\t\t\t<div class=\"elementor-widget-container\">\n\t\t\t\t\t\t\t<div class=\"e-n-tabs\" data-widget-number=\"1219276782\" aria-label=\"Onglets. Ouvrez des \u00e9l\u00e9ments avec Entrer ou Espace, fermez-les avec Echape et naviguez \u00e0 l&#039;aide des touches fl\u00e9ch\u00e9es.\">\n\t\t\t<div class=\"e-n-tabs-heading\" role=\"tablist\">\n\t\t\t\t\t<button id=\"e-n-tab-title-12192767821\" data-tab-title-id=\"e-n-tab-title-12192767821\" class=\"e-n-tab-title\" aria-selected=\"true\" data-tab-index=\"1\" role=\"tab\" tabindex=\"0\" aria-controls=\"e-n-tab-content-12192767821\" style=\"--n-tabs-title-order: 1;\">\n\t\t\t\t\t\t<span class=\"e-n-tab-title-text\">\n\t\t\t\tAccords de partenariat\t\t\t<\/span>\n\t\t<\/button>\n\t\t\t\t<button id=\"e-n-tab-title-12192767822\" data-tab-title-id=\"e-n-tab-title-12192767822\" class=\"e-n-tab-title\" aria-selected=\"false\" data-tab-index=\"2\" role=\"tab\" tabindex=\"-1\" aria-controls=\"e-n-tab-content-12192767822\" style=\"--n-tabs-title-order: 2;\">\n\t\t\t\t\t\t<span class=\"e-n-tab-title-text\">\n\t\t\t\tInitiatives de d\u00e9veloppement \u00e9conomique communautaire\t\t\t<\/span>\n\t\t<\/button>\n\t\t\t\t<button id=\"e-n-tab-title-12192767823\" data-tab-title-id=\"e-n-tab-title-12192767823\" class=\"e-n-tab-title\" aria-selected=\"false\" data-tab-index=\"3\" role=\"tab\" tabindex=\"-1\" aria-controls=\"e-n-tab-content-12192767823\" style=\"--n-tabs-title-order: 3;\">\n\t\t\t\t\t\t<span class=\"e-n-tab-title-text\">\n\t\t\t\t\u00c9v\u00e9nements communautaires \t\t\t<\/span>\n\t\t<\/button>\n\t\t\t\t\t<\/div>\n\t\t\t<div class=\"e-n-tabs-content\">\n\t\t\t\t<div id=\"e-n-tab-content-12192767821\" role=\"tabpanel\" aria-labelledby=\"e-n-tab-title-12192767821\" data-tab-index=\"1\" style=\"--n-tabs-title-order: 1;\" class=\"e-active elementor-element elementor-element-58261dd7 e-con-full e-flex e-con e-child\" data-id=\"58261dd7\" data-element_type=\"container\" data-e-type=\"container\">\n\t\t<div class=\"elementor-element elementor-element-3fe336f8 e-flex e-con-boxed e-con e-child\" data-id=\"3fe336f8\" data-element_type=\"container\" data-e-type=\"container\">\n\t\t\t\t\t<div class=\"e-con-inner\">\n\t\t\t\t<div class=\"elementor-element elementor-element-a1aa548 elementor-widget elementor-widget-text-editor\" data-id=\"a1aa548\" data-element_type=\"widget\" data-e-type=\"widget\" data-widget_type=\"text-editor.default\">\n\t\t\t\t<div class=\"elementor-widget-container\">\n\t\t\t\t\t\t\t\t\t<p><span class=\"NormalTextRun SCXW49867325 BCX0\">La Ville d&rsquo; <\/span><span class=\"NormalTextRun SCXW49867325 BCX0\">Edmundston<\/span><span class=\"NormalTextRun SCXW49867325 BCX0\">  et la  <\/span><span class=\"FindHit SCXW49867325 BCX0\">Premi\u00e8re Nation mal\u00e9cite de <\/span><span class=\"FindHit SCXW49867325 BCX0\">Mad<\/span><span class=\"FindHit SCXW49867325 BCX0\">awaska<\/span><span class=\"NormalTextRun SCXW49867325 BCX0\">  ont sign\u00e9 leur Accord d&rsquo;amiti\u00e9 le 25 octobre  <\/span><span class=\"NormalTextRun ContextualSpellingAndGrammarErrorV2Themed SCXW49867325 BCX0\">2014<\/span><span class=\"NormalTextRun SCXW49867325 BCX0\">  lors d&rsquo;une c\u00e9r\u00e9monie sp\u00e9ciale en pr\u00e9sence du ministre d&rsquo;AADNC Bernard  <\/span><span class=\"NormalTextRun SCXW49867325 BCX0\">Valcourt<\/span><span class=\"NormalTextRun SCXW49867325 BCX0\">, du pr\u00e9sident de la FCM Brad Woodside et de la vice-pr\u00e9sidente de Cando Helen Ward-Wakelin<\/span><span class=\"NormalTextRun SCXW49867325 BCX0\">.  <\/span><span class=\"NormalTextRun SCXW49867325 BCX0\">Le maire  <\/span><span class=\"NormalTextRun SCXW49867325 BCX0\">Cyrille<\/span><span class=\"NormalTextRun SCXW49867325 BCX0\">  Simard et la chef Patricia Bernard ont ensuite \u00e9chang\u00e9 des cadeaux au nom de leurs collectivit\u00e9s<\/span><span class=\"NormalTextRun SCXW49867325 BCX0\">  et ont plant\u00e9 conjointement un arbre \u00e0 la fronti\u00e8re de leurs collectivit\u00e9s pour symboliser leur amiti\u00e9  <\/span><span class=\"NormalTextRun ContextualSpellingAndGrammarErrorV2Themed SCXW49867325 BCX0\">profond\u00e9ment enracin\u00e9e<\/span><span class=\"NormalTextRun SCXW49867325 BCX0\"> .<\/span><\/p>\t\t\t\t\t\t\t\t<\/div>\n\t\t\t\t<\/div>\n\t\t\t\t\t<\/div>\n\t\t\t\t<\/div>\n\t\t\t\t<\/div>\n\t\t<div id=\"e-n-tab-content-12192767822\" role=\"tabpanel\" aria-labelledby=\"e-n-tab-title-12192767822\" data-tab-index=\"2\" style=\"--n-tabs-title-order: 2;\" class=\" elementor-element elementor-element-177174d0 e-con-full e-flex e-con e-child\" data-id=\"177174d0\" data-element_type=\"container\" data-e-type=\"container\">\n\t\t<div class=\"elementor-element elementor-element-591b76e8 e-flex e-con-boxed e-con e-child\" data-id=\"591b76e8\" data-element_type=\"container\" data-e-type=\"container\">\n\t\t\t\t\t<div class=\"e-con-inner\">\n\t\t\t\t<div class=\"elementor-element elementor-element-1a3314b9 elementor-widget elementor-widget-text-editor\" data-id=\"1a3314b9\" data-element_type=\"widget\" data-e-type=\"widget\" data-widget_type=\"text-editor.default\">\n\t\t\t\t<div class=\"elementor-widget-container\">\n\t\t\t\t\t\t\t\t\t<p><span class=\"TextRun SCXW184220693 BCX0\" lang=\"EN-CA\" xml:lang=\"EN-CA\" data-contrast=\"auto\"><span class=\"NormalTextRun SCXW184220693 BCX0\">\u00c9laboration d&rsquo;une strat\u00e9gie<\/span><span class=\"NormalTextRun SCXW184220693 BCX0\"> conjointe d&rsquo;attraction et de r\u00e9tention \u00e0 long terme, e<span class=\"TextRun SCXW190395465 BCX0\" lang=\"EN-CA\" data-contrast=\"auto\"><span class=\"NormalTextRun SCXW190395465 BCX0\">mbauche d&rsquo;un consultant et \u00e9<\/span><span class=\"NormalTextRun SCXW190395465 BCX0\">laboration<\/span><span class=\"NormalTextRun SCXW190395465 BCX0\"> d&rsquo;un plan et d&rsquo;outils de communication conjoints en utilisant la subvention de renforcement des capacit\u00e9s de l&rsquo;IDEC\u00c9 pour dissiper les mythes et partager des <\/span><span class=\"NormalTextRun SCXW190395465 BCX0\">renseignements<\/span><span class=\"NormalTextRun SCXW190395465 BCX0\"> exacts<\/span><span class=\"NormalTextRun SCXW190395465 BCX0\"> <\/span><span class=\"NormalTextRun SCXW190395465 BCX0\">sur leur partenariat au sein de leur collectivit\u00e9 \u00e9largie.<\/span><\/span><span class=\"EOP SCXW190395465 BCX0\" data-ccp-props=\"{\"201341983\":0,\"335551550\":6,\"335551620\":6,\"335559739\":200,\"335559740\":276}\"> <\/span><\/span> <\/span><\/p>\t\t\t\t\t\t\t\t<\/div>\n\t\t\t\t<\/div>\n\t\t\t\t\t<\/div>\n\t\t\t\t<\/div>\n\t\t\t\t<\/div>\n\t\t<div id=\"e-n-tab-content-12192767823\" role=\"tabpanel\" aria-labelledby=\"e-n-tab-title-12192767823\" data-tab-index=\"3\" style=\"--n-tabs-title-order: 3;\" class=\" elementor-element elementor-element-11eb5887 e-con-full e-flex e-con e-child\" data-id=\"11eb5887\" data-element_type=\"container\" data-e-type=\"container\">\n\t\t<div class=\"elementor-element elementor-element-19b53db5 e-flex e-con-boxed e-con e-child\" data-id=\"19b53db5\" data-element_type=\"container\" data-e-type=\"container\">\n\t\t\t\t\t<div class=\"e-con-inner\">\n\t\t\t\t<div class=\"elementor-element elementor-element-6a4b7ee5 elementor-widget elementor-widget-text-editor\" data-id=\"6a4b7ee5\" data-element_type=\"widget\" data-e-type=\"widget\" data-widget_type=\"text-editor.default\">\n\t\t\t\t<div class=\"elementor-widget-container\">\n\t\t\t\t\t\t\t\t\t<p><span class=\"TextRun SCXW28285024 BCX0\" lang=\"EN-CA\" xml:lang=\"EN-CA\" data-contrast=\"auto\"><span class=\"NormalTextRun SCXW28285024 BCX0\">R\u00e9alisation <\/span><span class=\"NormalTextRun SCXW28285024 BCX0\">d&rsquo;une strat\u00e9gie de communication conjointe <\/span><span class=\"NormalTextRun SCXW28285024 BCX0\">\u00e0 mettre en \u0153uvre de 2016 \u00e0 2018 <\/span><span class=\"NormalTextRun SCXW28285024 BCX0\">pour une strat\u00e9gie d&rsquo;attraction et de r\u00e9tention \u00e0 long terme visant \u00e0 promouvoir la croissance \u00e9conomique par l&rsquo;entrepreneuriat local, l&rsquo;attraction d&rsquo;entreprises et d&rsquo;investisseurs, ainsi que le<\/span><span class=\"NormalTextRun SCXW28285024 BCX0\"> tourisme r\u00e9gional et l&rsquo;image de marque commune, tandis que l&rsquo;expansion et l&rsquo;ajout de trois nouvelles entreprises en 2016 au centre commercial <\/span><span class=\"NormalTextRun SCXW28285024 BCX0\">Ma<\/span><span class=\"NormalTextRun SCXW28285024 BCX0\">liseet <\/span><span class=\"NormalTextRun SCXW28285024 BCX0\">Ma<\/span><span class=\"NormalTextRun SCXW28285024 BCX0\">ll, propri\u00e9t\u00e9 de la Soci\u00e9t\u00e9 de d\u00e9veloppement \u00e9conomique de la PNMM sur la Transcanadienne, continue de devenir \u00ab la porte d&rsquo;entr\u00e9e de l&rsquo;Atlantique \u00bb et de fournir des emplois aux r\u00e9sidents de la PNMM et d&rsquo;Edmundston.<\/span><span class=\"NormalTextRun SCXW28285024 BCX0\"> L&rsquo;initiative conjointe de r\u00e9ouverture de l&rsquo;a\u00e9roport de <\/span><span class=\"FindHit SCXW28285024 BCX0\">Mad<\/span><span class=\"FindHit SCXW28285024 BCX0\">a<\/span><span class=\"FindHit SCXW28285024 BCX0\">waska<\/span> <span class=\"NormalTextRun SCXW28285024 BCX0\">a progress\u00e9 au point o\u00f9 l&rsquo;a\u00e9roport est maintenant ouvert aux pilotes r\u00e9cr\u00e9atifs et aux ambulances a\u00e9riennes.<\/span><\/span> <span class=\"EOP SCXW28285024 BCX0\" data-ccp-props=\"{\"201341983\":0,\"335551550\":6,\"335551620\":6,\"335559739\":0,\"335559740\":268,\"469777462\":[12870],\"469777927\":[0],\"469777928\":[1]}\"> Embauche d&rsquo;un<\/span><span class=\"TextRun SCXW184220693 BCX0\" lang=\"EN-CA\" data-contrast=\"auto\"><span class=\"NormalTextRun SCXW184220693 BCX0\"> mentor pair en communication<\/span><span class=\"NormalTextRun SCXW184220693 BCX0\"> ;<\/span><span class=\"NormalTextRun SCXW184220693 BCX0\"> qui a commenc\u00e9 \u00e0 travailler avec les collectivit\u00e9s en mai 2015. <\/span><\/span> <\/p>\t\t\t\t\t\t\t\t<\/div>\n\t\t\t\t<\/div>\n\t\t\t\t\t<\/div>\n\t\t\t\t<\/div>\n\t\t\t\t<\/div>\n\t\t\t\t\t<\/div>\n\t\t<\/div>\n\t\t\t\t\t\t<\/div>\n\t\t\t\t<\/div>\n\t\t\t\t\t<\/div>\n\t\t\t\t<\/div>\n\t\t<div class=\"elementor-element elementor-element-fa49689 e-flex e-con-boxed e-con e-parent\" data-id=\"fa49689\" data-element_type=\"container\" data-e-type=\"container\">\n\t\t\t\t\t<div class=\"e-con-inner\">\n\t\t\t\t<div class=\"elementor-element elementor-element-4f8b89b5 elementor-widget elementor-widget-text-editor\" data-id=\"4f8b89b5\" data-element_type=\"widget\" data-e-type=\"widget\" data-widget_type=\"text-editor.default\">\n\t\t\t\t<div class=\"elementor-widget-container\">\n\t\t\t\t\t\t\t\t\t<h3>Dans les m\u00e9dias<\/h3>\t\t\t\t\t\t\t\t<\/div>\n\t\t\t\t<\/div>\n\t\t\t\t\t<\/div>\n\t\t\t\t<\/div>\n\t\t<div class=\"elementor-element elementor-element-6523a90c e-flex e-con-boxed e-con e-parent\" data-id=\"6523a90c\" data-element_type=\"container\" data-e-type=\"container\">\n\t\t\t\t\t<div class=\"e-con-inner\">\n\t\t\t\t<div class=\"elementor-element elementor-element-e4421bd elementor-align-start elementor-icon-list--layout-traditional elementor-list-item-link-full_width elementor-widget elementor-widget-icon-list\" data-id=\"e4421bd\" data-element_type=\"widget\" data-e-type=\"widget\" data-widget_type=\"icon-list.default\">\n\t\t\t\t<div class=\"elementor-widget-container\">\n\t\t\t\t\t\t\t<ul class=\"elementor-icon-list-items\">\n\t\t\t\t\t\t\t<li class=\"elementor-icon-list-item\">\n\t\t\t\t\t\t\t\t\t\t\t<a href=\"https:\/\/www.canada.ca\/en\/news\/archive\/2014\/10\/canada-supports-increased-opportunities-aboriginal-peoples-participation-economic-development.html\" rel=\"nofollow noopener\" target=\"_blank\">\n\n\t\t\t\t\t\t\t\t\t\t\t\t<span class=\"elementor-icon-list-icon\">\n\t\t\t\t\t\t\t<svg xmlns=\"http:\/\/www.w3.org\/2000\/svg\" xmlns:xlink=\"http:\/\/www.w3.org\/1999\/xlink\" id=\"Layer_1\" x=\"0px\" y=\"0px\" viewBox=\"0 0 612 612\" style=\"enable-background:new 0 0 612 612;\" xml:space=\"preserve\"><style type=\"text\/css\"><\/style><path class=\"chevron\" d=\"M306,10.4C142.7,10.4,10.4,142.7,10.4,306S142.7,601.6,306,601.6S601.6,469.3,601.6,306S469.3,10.4,306,10.4z   M159.8,481.6c-0.3-0.6-0.7-1.2-1-1.8c-10.5-0.3-34.5-23.4-35.3-33.9c-0.6-7.5,2.3-13.3,7.5-18.5c36.7-36.7,73.5-73.4,110-110.5  c12.7-12.9,13.5-9.4-0.1-23.3c-27.9-28.4-56.2-56.3-84.2-84.5c-9.4-9.4-18.7-19-27.9-28.6c-7.5-7.7-7.9-19.4-0.6-27  c6.1-6.3,12.6-12.4,19.3-18c8.8-7.4,18.3-6.8,26.8,1.5c18,17.7,35.7,35.7,53.6,53.5c33.1,32.9,66.2,65.8,99.3,98.7  c9.7,9.7,9.7,22.2-0.1,32C276.5,371.7,226,422.3,175.2,472.5C171,476.7,164.9,478.7,159.8,481.6z M481.8,321.3  C431,371.9,380.2,422.5,329.4,473c-9.7,9.7-19.2,9.8-29.5,0.6c-6-5.4-11.9-11-17.5-16.8c-7.7-8-7.1-18.7,1.4-27.3  c35.7-36,71.5-71.9,107.3-107.9c5-5,9.8-10.3,15.2-16c-3.9-4.2-7.2-8.2-10.9-11.8c-28.1-28.2-56.3-56.2-84.3-84.4  c-9.1-9.1-18-18.3-26.9-27.6c-8.3-8.6-8-21.7,0.5-30c5.6-5.5,11-11.2,17.1-16.2c9.2-7.6,18.6-6.7,27.4,2  c21.5,21.3,42.8,42.7,64.3,64.1c29.4,29.3,58.7,58.5,88.1,87.7C491.7,299.5,491.9,311.3,481.8,321.3z\"><\/path><\/svg>\t\t\t\t\t\t<\/span>\n\t\t\t\t\t\t\t\t\t\t<span class=\"elementor-icon-list-text\">25 octobre 2014 : Le Canada appuie l'accroissement des possibilit\u00e9s de participation des Autochtones au d\u00e9veloppement \u00e9conomique<\/span>\n\t\t\t\t\t\t\t\t\t\t\t<\/a>\n\t\t\t\t\t\t\t\t\t<\/li>\n\t\t\t\t\t\t<\/ul>\n\t\t\t\t\t\t<\/div>\n\t\t\t\t<\/div>\n\t\t\t\t<div class=\"elementor-element elementor-element-437a7ebf elementor-widget elementor-widget-text-editor\" data-id=\"437a7ebf\" data-element_type=\"widget\" data-e-type=\"widget\" data-widget_type=\"text-editor.default\">\n\t\t\t\t<div class=\"elementor-widget-container\">\n\t\t\t\t\t\t\t\t\t<h3>Galerie de photos<\/h3>\t\t\t\t\t\t\t\t<\/div>\n\t\t\t\t<\/div>\n\t\t\t\t\t<\/div>\n\t\t\t\t<\/div>\n\t\t<div class=\"elementor-element elementor-element-744e6ee9 e-flex e-con-boxed e-con e-parent\" data-id=\"744e6ee9\" data-element_type=\"container\" data-e-type=\"container\">\n\t\t\t\t\t<div class=\"e-con-inner\">\n\t\t\t\t<div class=\"elementor-element elementor-element-3cfb99b6 elementor-arrows-position-inside elementor-pagination-position-outside elementor-widget elementor-widget-image-carousel\" data-id=\"3cfb99b6\" data-element_type=\"widget\" data-e-type=\"widget\" data-settings=\"{&quot;navigation&quot;:&quot;both&quot;,&quot;autoplay&quot;:&quot;yes&quot;,&quot;pause_on_hover&quot;:&quot;yes&quot;,&quot;pause_on_interaction&quot;:&quot;yes&quot;,&quot;autoplay_speed&quot;:5000,&quot;infinite&quot;:&quot;yes&quot;,&quot;speed&quot;:500}\" data-widget_type=\"image-carousel.default\">\n\t\t\t\t<div class=\"elementor-widget-container\">\n\t\t\t\t\t\t\t<div class=\"elementor-image-carousel-wrapper swiper\" role=\"region\" aria-roledescription=\"carousel\" aria-label=\"Image Carousel\" dir=\"ltr\">\n\t\t\t<div class=\"elementor-image-carousel swiper-wrapper\" aria-live=\"off\">\n\t\t\t\t\t\t\t\t<div class=\"swiper-slide\" role=\"group\" aria-roledescription=\"slide\" aria-label=\"1 sur 7\"><figure class=\"swiper-slide-inner\"><img decoding=\"async\" class=\"swiper-slide-image\" src=\"https:\/\/www.cedipartnerships.ca\/wp-content\/uploads\/2022\/06\/Group-photo-IMG_3078-768x421.jpg\" alt=\"Photo de groupe de l&#039;atelier 1\" \/><figcaption class=\"elementor-image-carousel-caption\">Photo de groupe de l'atelier 1<\/figcaption><\/figure><\/div><div class=\"swiper-slide\" role=\"group\" aria-roledescription=\"slide\" aria-label=\"2 sur 7\"><figure class=\"swiper-slide-inner\"><img decoding=\"async\" class=\"swiper-slide-image\" src=\"https:\/\/www.cedipartnerships.ca\/wp-content\/uploads\/2022\/06\/NB-Friendship-Accord-Signing-LoRes-768x575.jpg\" alt=\"Signature de l&#039;accord d&#039;amiti\u00e9\" \/><figcaption class=\"elementor-image-carousel-caption\">Signature de l'accord d'amiti\u00e9<\/figcaption><\/figure><\/div><div class=\"swiper-slide\" role=\"group\" aria-roledescription=\"slide\" aria-label=\"3 sur 7\"><figure class=\"swiper-slide-inner\"><img decoding=\"async\" class=\"swiper-slide-image\" src=\"https:\/\/www.cedipartnerships.ca\/wp-content\/uploads\/2022\/06\/Edmundston-MMFN-Group-Photo-October-24-2014-LoRes-768x576.jpg\" alt=\"Photo de groupe de l&#039;atelier 3\" \/><figcaption class=\"elementor-image-carousel-caption\">Photo de groupe de l'atelier 3<\/figcaption><\/figure><\/div><div class=\"swiper-slide\" role=\"group\" aria-roledescription=\"slide\" aria-label=\"4 sur 7\"><figure class=\"swiper-slide-inner\"><img decoding=\"async\" class=\"swiper-slide-image\" src=\"https:\/\/www.cedipartnerships.ca\/wp-content\/uploads\/2022\/06\/IMG_1847-1-768x576.jpg\" alt=\"Exercice de visionnement \u00e0 l&#039;atelier 2\" \/><figcaption class=\"elementor-image-carousel-caption\">Exercice de visionnement \u00e0 l'atelier 2 <\/figcaption><\/figure><\/div><div class=\"swiper-slide\" role=\"group\" aria-roledescription=\"slide\" aria-label=\"5 sur 7\"><figure class=\"swiper-slide-inner\"><img decoding=\"async\" class=\"swiper-slide-image\" src=\"https:\/\/www.cedipartnerships.ca\/wp-content\/uploads\/2022\/06\/IMG_1875-768x576.jpg\" alt=\"Exercice de l&#039;atelier 2\" \/><figcaption class=\"elementor-image-carousel-caption\">Exercice de l'atelier 2<\/figcaption><\/figure><\/div><div class=\"swiper-slide\" role=\"group\" aria-roledescription=\"slide\" aria-label=\"6 sur 7\"><figure class=\"swiper-slide-inner\"><img decoding=\"async\" class=\"swiper-slide-image\" src=\"https:\/\/www.cedipartnerships.ca\/wp-content\/uploads\/2022\/06\/treeplanting-chief-mayor-768x1024.jpg\" alt=\"Plantation d&#039;arbres par le chef et le maire\" \/><figcaption class=\"elementor-image-carousel-caption\">Plantation d'arbres par le chef et le maire<\/figcaption><\/figure><\/div><div class=\"swiper-slide\" role=\"group\" aria-roledescription=\"slide\" aria-label=\"7 sur 7\"><figure class=\"swiper-slide-inner\"><img decoding=\"async\" class=\"swiper-slide-image\" src=\"https:\/\/www.cedipartnerships.ca\/wp-content\/uploads\/2022\/06\/gifting-artwork-from-city-mother-earth-768x576.jpg\" alt=\"Le chef et le maire offrent l&#039;\u0153uvre d&#039;art M\u00e8re Terre\" \/><figcaption class=\"elementor-image-carousel-caption\">Le chef et le maire offrent l'\u0153uvre d'art M\u00e8re Terre<\/figcaption><\/figure><\/div>\t\t\t<\/div>\n\t\t\t\t\t\t\t\t\t\t\t\t<div class=\"elementor-swiper-button elementor-swiper-button-prev\" role=\"button\" tabindex=\"0\">\n\t\t\t\t\t\t<i aria-hidden=\"true\" class=\"eicon-chevron-left\"><\/i>\t\t\t\t\t<\/div>\n\t\t\t\t\t<div class=\"elementor-swiper-button elementor-swiper-button-next\" role=\"button\" tabindex=\"0\">\n\t\t\t\t\t\t<i aria-hidden=\"true\" class=\"eicon-chevron-right\"><\/i>\t\t\t\t\t<\/div>\n\t\t\t\t\n\t\t\t\t\t\t\t\t\t<div class=\"swiper-pagination\"><\/div>\n\t\t\t\t\t\t\t\t\t<\/div>\n\t\t\t\t\t\t<\/div>\n\t\t\t\t<\/div>\n\t\t\t\t\t<\/div>\n\t\t\t\t<\/div>\n\t\t<div class=\"elementor-element elementor-element-61044d88 e-flex e-con-boxed e-con e-parent\" data-id=\"61044d88\" data-element_type=\"container\" data-e-type=\"container\" data-settings=\"{&quot;background_background&quot;:&quot;classic&quot;}\">\n\t\t\t\t\t<div class=\"e-con-inner\">\n\t\t\t\t<div class=\"elementor-element elementor-element-50030502 elementor-widget elementor-widget-text-editor\" data-id=\"50030502\" data-element_type=\"widget\" data-e-type=\"widget\" data-widget_type=\"text-editor.default\">\n\t\t\t\t<div class=\"elementor-widget-container\">\n\t\t\t\t\t\t\t\t\t<h3>Citations<\/h3>\t\t\t\t\t\t\t\t<\/div>\n\t\t\t\t<\/div>\n\t\t\t\t<div class=\"elementor-element elementor-element-23461241 elementor-blockquote--skin-border elementor-widget elementor-widget-blockquote\" data-id=\"23461241\" data-element_type=\"widget\" data-e-type=\"widget\" data-widget_type=\"blockquote.default\">\n\t\t\t\t<div class=\"elementor-widget-container\">\n\t\t\t\t\t\t\t<blockquote class=\"elementor-blockquote\">\n\t\t\t<p class=\"elementor-blockquote__content\">\n\t\t\t\t\u00ab Notre gouvernement prend des mesures pour soutenir les partenariats qui peuvent favoriser des am\u00e9liorations \u00e9conomiques partout au Canada. Je f\u00e9licite la Premi\u00e8re Nation mal\u00e9cite de Madawaska et la Ville d'Edmundston d'avoir conclu cet accord important, qui a le potentiel d'accro\u00eetre les possibilit\u00e9s \u00e9conomiques et d'assurer la prosp\u00e9rit\u00e9 \u00e0 long terme des deux collectivit\u00e9s. \u00bb\t\t\t<\/p>\n\t\t\t\t\t\t\t<div class=\"e-q-footer\">\n\t\t\t\t\t\t\t\t\t\t\t<cite class=\"elementor-blockquote__author\">Bernard Valcourt, Minister of Aboriginal Affairs and Northern Development<\/cite>\n\t\t\t\t\t\t\t\t\t\t\t\t\t\t<\/div>\n\t\t\t\t\t<\/blockquote>\n\t\t\t\t\t\t<\/div>\n\t\t\t\t<\/div>\n\t\t\t\t<div class=\"elementor-element elementor-element-2f6f34ee elementor-blockquote--skin-border elementor-widget elementor-widget-blockquote\" data-id=\"2f6f34ee\" data-element_type=\"widget\" data-e-type=\"widget\" data-widget_type=\"blockquote.default\">\n\t\t\t\t<div class=\"elementor-widget-container\">\n\t\t\t\t\t\t\t<blockquote class=\"elementor-blockquote\">\n\t\t\t<p class=\"elementor-blockquote__content\">\n\t\t\t\t\u00ab Aujourd'hui est un jour historique. Par le pass\u00e9, la Ville d'Edmundston et la PNMM ne se rencontraient g\u00e9n\u00e9ralement que lorsqu'elles avaient besoin de quelque chose l'une de l'autre. Aujourd'hui, nous nous r\u00e9unissons pour commencer \u00e0 discuter de notre vision commune de l'avenir et de la fa\u00e7on de la planifier - c'est la premi\u00e8re fois dans l'histoire que nous le faisons ensemble. \u00bb\t\t\t<\/p>\n\t\t\t\t\t\t\t<div class=\"e-q-footer\">\n\t\t\t\t\t\t\t\t\t\t\t<cite class=\"elementor-blockquote__author\">Richard Lang, COO, Madawaska Maliseet Economic Development Corporation<\/cite>\n\t\t\t\t\t\t\t\t\t\t\t\t\t\t<\/div>\n\t\t\t\t\t<\/blockquote>\n\t\t\t\t\t\t<\/div>\n\t\t\t\t<\/div>\n\t\t\t\t\t<\/div>\n\t\t\t\t<\/div>\n\t\t\t\t<\/div>\n\t\t","protected":false},"excerpt":{"rendered":"<p>Contexte du partenariat La Premi\u00e8re Nation mal\u00e9cite de Madawaska et la Ville d&rsquo;Edmundston ont trouv\u00e9 un terrain d&rsquo;entente dans leur volont\u00e9 de pr\u00e9server leurs patrimoines culturels distincts &#8211; tant acadien que mal\u00e9cite. Leur emplacement unique le long de la route Transcanadienne offre un avantage naturel au d\u00e9veloppement collaboratif \u00e0 la \u00ab porte d&rsquo;entr\u00e9e du Canada [&hellip;]<\/p>\n","protected":false},"author":6,"featured_media":0,"menu_order":0,"template":"","meta":{"_acf_changed":false,"inline_featured_image":false,"footnotes":""},"categories":[],"tags":[],"class_list":["post-13616","past_partners","type-past_partners","status-publish","hentry"],"acf":[],"_links":{"self":[{"href":"https:\/\/www.cedipartnerships.ca\/fr\/wp-json\/wp\/v2\/past_partners\/13616","targetHints":{"allow":["GET"]}}],"collection":[{"href":"https:\/\/www.cedipartnerships.ca\/fr\/wp-json\/wp\/v2\/past_partners"}],"about":[{"href":"https:\/\/www.cedipartnerships.ca\/fr\/wp-json\/wp\/v2\/types\/past_partners"}],"author":[{"embeddable":true,"href":"https:\/\/www.cedipartnerships.ca\/fr\/wp-json\/wp\/v2\/users\/6"}],"version-history":[{"count":1,"href":"https:\/\/www.cedipartnerships.ca\/fr\/wp-json\/wp\/v2\/past_partners\/13616\/revisions"}],"predecessor-version":[{"id":13617,"href":"https:\/\/www.cedipartnerships.ca\/fr\/wp-json\/wp\/v2\/past_partners\/13616\/revisions\/13617"}],"wp:attachment":[{"href":"https:\/\/www.cedipartnerships.ca\/fr\/wp-json\/wp\/v2\/media?parent=13616"}],"wp:term":[{"taxonomy":"category","embeddable":true,"href":"https:\/\/www.cedipartnerships.ca\/fr\/wp-json\/wp\/v2\/categories?post=13616"},{"taxonomy":"post_tag","embeddable":true,"href":"https:\/\/www.cedipartnerships.ca\/fr\/wp-json\/wp\/v2\/tags?post=13616"}],"curies":[{"name":"wp","href":"https:\/\/api.w.org\/{rel}","templated":true}]}}